{"id":6743,"date":"2026-09-04T16:24:47","date_gmt":"2026-09-04T19:24:47","guid":{"rendered":"https:\/\/isfd1-bue.infd.edu.ar\/sitio\/?page_id=6743"},"modified":"2026-09-04T16:28:34","modified_gmt":"2026-09-04T19:28:34","slug":"concursos-docentes-resolucion-6179-25","status":"publish","type":"page","link":"https:\/\/isfd1-bue.infd.edu.ar\/sitio\/concursos-docentes-resolucion-6179-25\/","title":{"rendered":"CONCURSOS DOCENTES RESOLUCI\u00d3N 6179\/25"},"content":{"rendered":"\n<p>Deroga Resol 5886\/03, Resol 1161, DISPO-2023-50-GDBA<\/p>\n\n\n\n<p>ARTICULO 2\u00ba-Establecer que en los Institutos de Formaci\u00f3n Docente (ISFD), Institutos de Formaci\u00f3n Docente y T\u00e9cnica (ISFDyT), Institutos de Formaci\u00f3n T\u00e9cnica (ISFT) e institutos superiores de formaci\u00f3n art\u00edstica Docente y T\u00e9cnica de gesti\u00f3n estatal de la Provincia de Buenos Aires, la totalidad de los m\u00f3dulos u horas c\u00e1tedra, cargos de Preceptoras y Preceptores, Encargadas y Encargados de Medios de Apoyo T\u00e9cnico Pedag\u00f3gico, Bibliotecarias y Bibliotecarios, Int\u00e9rprete Pedag\u00f3gico de Lengua de Se\u00f1as Argentina &#8211; Espa\u00f1ol y m\u00f3dulos de Fonoaudi\u00f3logas y Fonoaudi\u00f3logos, provisionales y suplentes para el nivel superior, ser\u00e1n cubiertos por el mecanismo de prueba de selecci\u00f3n por evaluaci\u00f3n de t\u00edtulos, antecedentes y oposici\u00f3n que define la presente Resoluci\u00f3n, sin perjuicio de otros cargos de base que pudiesen crearse para la Educaci\u00f3n Superior de la Provincia de Buenos Aires.<\/p>\n\n\n\n<p>ART\u00cdCULO 3\u00b0. Establecer que el l\u00edmite de edad general para acceder a la prueba de selecci\u00f3n por evaluaci\u00f3n de t\u00edtulos y antecedentes para el nivel superior ser\u00e1 de 65 (sesenta y cinco) a\u00f1os.<\/p>\n\n\n\n<p class=\"has-text-align-center\"><strong><u>ANEXO 1<\/u><\/strong><\/p>\n\n\n\n<p class=\"has-text-align-center\"><strong>PROCEDIMIENTO PARA LA COBERTURA POR PRUEBAS DE SELECCI\u00d3N POR EVALUACI\u00d3N DE T\u00cdTULOS, ANTECEDENTES Y OPOSICI\u00d3N DE M\u00d3DULOS \/HORAS C\u00c1TEDRAS Y CARGOS DOCENTES DE BASE<\/strong><\/p>\n\n\n\n<p class=\"has-text-align-center\"><strong>Cap\u00edtulo 1 &#8211; De la necesidad de cobertura<\/strong><\/p>\n\n\n\n<p><strong><u>1<\/u><\/strong>. <strong><u>Convocatoria y Vigencia de Listados<\/u><\/strong><\/p>\n\n\n\n<p>La vigencia de estos listados es de 36 meses a partir de la finalizaci\u00f3n del procedimiento de las pruebas de selecci\u00f3n y la notificaci\u00f3n del orden de m\u00e9rito a las y los aspirantes. Producida la necesidad de cobertura, el equipo directivo de la Instituci\u00f3n Superior (IS) debe verificar si existen listados institucionales de merituados vigentes. &#8211; Si el listado est\u00e1 vigente, -listados A y B institucional conformado en los \u00faltimos 36 meses, se solicitar\u00e1 la designaci\u00f3n a la Secretar\u00eda de Asuntos Docentes (SAD). &#8211; Si el IS no hubiese realizado Pruebas de selecci\u00f3n en los \u00faltimos 36 meses, producida la vacante, el equipo directivo deber\u00e1 realizar un nuevo llamado.<\/p>\n\n\n\n<p><strong><u>1.2 Cobertura por SAD<\/u><\/strong><\/p>\n\n\n\n<ul>\n<li><strong>listado institucional<\/strong> (listado A y B)<\/li>\n<\/ul>\n\n\n\n<ul>\n<li><strong>listado distrital<\/strong> (listado A y B)<\/li>\n<\/ul>\n\n\n\n<ul>\n<li><strong>listado distritos vecinos<\/strong> (listado A y B)<\/li>\n<\/ul>\n\n\n\n<ul>\n<li><strong>Excepciones<\/strong> \u2013<\/li>\n<\/ul>\n\n\n\n<p>&nbsp;La\/el docente jubilado\/o que se encuentra en listado B s\u00f3lo podr\u00e1 ser designada o designado en los m\u00f3dulos\/horas c\u00e1tedras de la unidad curricular o cargo vacante por su propia jubilaci\u00f3n cuando cumplidas las instancias para la designaci\u00f3n por parte de la SAD pautadas en el punto 1.2.1 no haya merituados, ning\u00fan merituado acepte el ofrecimiento o no est\u00e9 en condiciones de ser designada o designado.<\/p>\n\n\n\n<ul>\n<li><strong>Segundo llamado<\/strong>-. Si cumplidos los pasos 1 a 4 no hubiese merituados<\/li>\n<\/ul>\n\n\n\n<p><strong>Designaci\u00f3n ad-refer\u00e9ndum:<\/strong> Hasta tanto se complete el proceso de Prueba de Selecci\u00f3n, se proceder\u00e1 a designar como docente ad-refer\u00e9ndum \u2014a cargo\u2014, a quien, entre los aspirantes que hayan presentado la propuesta pedag\u00f3gica, cuente con el mayor puntaje <strong>seg\u00fan el Art\u00edculo 60<\/strong> del Estatuto del Docente.<\/p>\n\n\n\n<p><strong><u>1.3 Anticipaci\u00f3n de la Convocatoria<\/u><\/strong>: De ser posible se anticipar\u00e1 la convocatoria a la Prueba de Selecci\u00f3n (ej. por aperturas de carreras, ceses por jubilaci\u00f3n, renuncias) para garantizar la continuidad pedag\u00f3gica.<\/p>\n\n\n\n<p class=\"has-text-align-center\"><u><strong>Cap\u00edtulo 2 &#8211; De las instancias de la Prueba de Selecci\u00f3n<\/strong><\/u><\/p>\n\n\n\n<p>Las Pruebas de Selecci\u00f3n por evaluaci\u00f3n de t\u00edtulos, antecedentes y oposici\u00f3n para el Nivel Superior se estructuran en las siguientes cuatro instancias:<\/p>\n\n\n\n<p>-1\u00aa Instancia: Evaluaci\u00f3n de T\u00edtulos y Antecedentes<\/p>\n\n\n\n<p>-2\u00aa Instancia: Presentaci\u00f3n de la Propuesta Pedag\u00f3gica<\/p>\n\n\n\n<p>-3\u00aa Instancia: Clase P\u00fablica<\/p>\n\n\n\n<p>-4\u00aa Instancia: Entrevista<\/p>\n\n\n\n<figure class=\"wp-block-table\"><table><tbody><tr><td rowspan=\"2\"><strong><em>&nbsp;<\/em><\/strong> <strong><em>&nbsp;<\/em><\/strong> <strong><em>&nbsp;<\/em><\/strong> <strong><em>&nbsp;<\/em><\/strong> <strong><em>&nbsp;<\/em><\/strong> <strong>Cobertura de<\/strong><strong><\/strong><\/td><td rowspan=\"2\"><strong><em>&nbsp;<\/em><\/strong> <strong><em>&nbsp;<\/em><\/strong> <strong><em>&nbsp;<\/em><\/strong> <strong><em>&nbsp;<\/em><\/strong> <strong>Instancias de la Prueba de Selecci\u00f3n<\/strong><\/td><td><strong><em>T\u00edtulos y <\/em><\/strong><strong><em>antecedentes<\/em><\/strong><strong><em><\/em><\/strong><\/td><td><strong><em>Propuesta <\/em><\/strong><strong><em>Pedag\u00f3gica<\/em><\/strong><strong><em><\/em><\/strong><\/td><td><strong><em>Clase<\/em><\/strong><strong><em> <\/em><\/strong><strong><em>P\u00fablica<\/em><\/strong><strong><em><\/em><\/strong><\/td><td><strong><em>Entrevista<\/em><\/strong><strong><em><\/em><\/strong><\/td><\/tr><tr><td>Valoraci\u00f3n&nbsp;&nbsp; art L0&nbsp;&nbsp;&nbsp;&nbsp;&nbsp;&nbsp;&nbsp;&nbsp;&nbsp;&nbsp;&nbsp;&nbsp;&nbsp;&nbsp;&nbsp; y antecedentes espec\u00edficos&nbsp; no valorados&nbsp;&nbsp; por TCD<\/td><td>Documento escrito que detalla de manera clara y concisa&nbsp;&nbsp;&nbsp;&nbsp;&nbsp;&nbsp;&nbsp;&nbsp;&nbsp;&nbsp;&nbsp;&nbsp; la propuesta de trabajo de la o el docente<\/td><td>De aplicaci\u00f3n exclusiva para la cobertura de m\u00f3dulos u horas c\u00e1tedra<\/td><td>Destinada&nbsp;&nbsp;&nbsp; a&nbsp;&nbsp;&nbsp;&nbsp; la fundamentaci\u00f3n y profundizaci\u00f3n de la Propuesta Pedag\u00f3gica&nbsp;&nbsp; y&nbsp;&nbsp;&nbsp; la evaluaci\u00f3n de otros aspectos&nbsp;&nbsp;&nbsp;&nbsp;&nbsp;&nbsp;&nbsp;&nbsp;&nbsp;&nbsp;&nbsp;&nbsp;&nbsp;&nbsp;&nbsp;&nbsp; de&nbsp;&nbsp;&nbsp; la idoneidad.<\/td><\/tr><tr><td colspan=\"2\"><strong>M\u00f3dulos<\/strong><strong> <\/strong><strong>\/<\/strong><strong> <\/strong><strong>horas<\/strong><strong> <\/strong><strong>c\u00e1tedra<\/strong><strong> <\/strong><strong>de <\/strong><strong>UC<\/strong><strong><\/strong><\/td><td>Ver Anexo 2<\/td><td>Ver Anexo 3<\/td><td>Ver Anexo 3<\/td><td>Ver Anexo 3<\/td><\/tr><tr><td colspan=\"2\"><strong>Cargos<\/strong><strong> <\/strong><strong>de<\/strong><strong> <\/strong><strong>base<\/strong><strong><\/strong><\/td><td>Ver Anexo 2<\/td><td>Ver Anexos 4 a 8<\/td><td>&nbsp;<\/td><td>Ver Anexos 4 a 8<\/td><\/tr><\/tbody><\/table><\/figure>\n\n\n\n<p class=\"has-text-align-center\"><strong><u>Cap\u00edtulo 3 &#8211; De la Comisi\u00f3n Evaluadora<\/u><\/strong>(CE)<\/p>\n\n\n\n<p><strong><u>3.1 Plazos y Conformaci\u00f3n de la CE Institucional<\/u><\/strong><\/p>\n\n\n\n<p>El Equipo de Conducci\u00f3n elaborar\u00e1 la n\u00f3mina de miembros para la Comisi\u00f3n Evaluadora (en adelante CE) para los m\u00f3dulos\/horas c\u00e1tedras o cargo docente a cubrir. Si no hubiera sido posible anticipar el llamado a Pruebas de Selecci\u00f3n, una vez producida la vacancia, tendr\u00e1 un plazo m\u00e1ximo de 5 (cinco) d\u00edas corridos para la conformaci\u00f3n de la CE.<\/p>\n\n\n\n<figure class=\"wp-block-table\"><table><tbody><tr><td rowspan=\"2\">&nbsp; <strong>Miembros de la CE<\/strong><\/td><td colspan=\"2\"><strong>Cobertura de<\/strong><\/td><\/tr><tr><td><strong>M\u00f3dulos\/Horas C\u00e1tedra<\/strong> <strong>-Unidad Curricular-<\/strong><\/td><td><strong>Cargos Docentes<\/strong><\/td><\/tr><tr><td>&nbsp; Representante Directivo<\/td><td>Directora o Director o miembro del equipo de conducci\u00f3n. De manera extraordinaria se podr\u00e1 designar una o un docente en su representaci\u00f3n.<\/td><td>Directora o Director o miembro del equipo de conducci\u00f3n. De manera extraordinaria se podr\u00e1 designar una o un docente en su representaci\u00f3n.<\/td><\/tr><tr><td>&nbsp; &nbsp; Docentes del IS<\/td><td>&nbsp; &nbsp; Dos docentes del IS con dominio del dise\u00f1o curricular y contenidos.<\/td><td>Dos docentes con desempe\u00f1o en el cargo convocado. Si el cargo no se encuentra cubierto en el IS convocante deber\u00e1 ser de otro IS. Un representante docente<\/td><\/tr><tr><td>&nbsp; &nbsp; &nbsp; &nbsp; &nbsp; Docente&nbsp;&nbsp;&nbsp;&nbsp; evaluador externo<\/td><td>Docente con dominio te\u00f3rico-pr\u00e1ctico competente en relaci\u00f3n con la especialidad objeto de la convocatoria. Deber\u00e1 proceder de otro IS, de una instituci\u00f3n del sistema educativo provincial, Inspector\/a de Educaci\u00f3n, universidad o con desempe\u00f1os relevantes en el \u00e1rea o sector profesional. No deber\u00e1 tener relaci\u00f3n laboral alguna con la Instituci\u00f3n.<\/td><td>&nbsp;<\/td><\/tr><tr><td>Representante Estudiantil<\/td><td>Un\/a representante estudiantil (m\u00ednimo 51% UCs acreditadas), con acuerdo del CAI.<\/td><td>Un\/a representante estudiantil (m\u00ednimo 51% UCs acreditadas), con acuerdo del CAI.<\/td><\/tr><\/tbody><\/table><\/figure>\n\n\n\n<p><strong>Suplentes: <\/strong>Cada miembro de la CE deber\u00e1 contar con su respectivo suplente.<\/p>\n\n\n\n<p>Las reuniones de la comisi\u00f3n pueden ser presenciales o virtuales sincr\u00f3nicas<\/p>\n\n\n\n<p>Cuando las reuniones celebradas se realicen de forma virtual sincr\u00f3nica, las planillas y listados previstos ser\u00e1n suscriptos por la o el miembro del equipo de conducci\u00f3n que forme parte de la Comisi\u00f3n Evaluadora. Al momento de la clase p\u00fablica y entrevista la totalidad de los miembros de la CE deber\u00e1n rubricar toda la documentaci\u00f3n refrendando todo lo actuado.<\/p>\n\n\n\n<p><strong>-Observador del CAI: <\/strong>El Consejo Acad\u00e9mico Institucional (CAI) designar\u00e1 un observador como garante del proceso.<\/p>\n\n\n\n<p>-Si un integrante del equipo de conducci\u00f3n aspirara a la cobertura, el miembro representante del equipo directivo a cargo de la CE ser\u00e1 reemplazado por un Inspector o Inspectora de \u00e1rea que no corresponda a la supervisi\u00f3n del Servicio<\/p>\n\n\n\n<p><em>-Si una o un aspirante a la Prueba de Selecci\u00f3n es superior jer\u00e1rquico de alguna o alg\u00fan integrante de la CE, dicho integrante deber\u00e1 ser reemplazado por un superior jer\u00e1rquico de la o el postulante del que se trate. El superior jer\u00e1rquico que intervenga deber\u00e1 ser de otro distrito o regi\u00f3n<\/em>.<\/p>\n\n\n\n<h6 class=\"wp-block-heading\"><em><u>&#8211;<\/u><\/em> Conformaci\u00f3n de la CE Distrital\/Regional<\/h6>\n\n\n\n<p>Podr\u00e1n conformarse Comisiones Evaluadoras Distritales\/Regionales en situaciones donde surjan dificultades para conformar la CE o cuando se acuerde distrital y\/o regionalmente entre las Instituciones. En ambos casos deber\u00e1 ponerse en conocimiento por la v\u00eda correspondiente a la Inspectora o Inspector de \u00e1rea.<\/p>\n\n\n\n<p>En caso de conformarse, se procurar\u00e1 la representaci\u00f3n de todos los IS articulados. El orden de m\u00e9rito resultante tendr\u00e1 el car\u00e1cter de <strong>listado institucional <\/strong>para cada IS participante.<\/p>\n\n\n\n<ul>\n<li><strong>Para<\/strong><strong> <\/strong><strong>M\u00f3dulos\/Horas<\/strong><strong> <\/strong><strong>C\u00e1tedra:<\/strong><strong> <\/strong>Incluye al Director\/a de un IS, dos docentes de diferentes IS, un docente evaluador externo (de otro IS de la regi\u00f3n\/distrito o externo al sistema), y un representante estudiantil.<\/li>\n\n\n\n<li><strong>Para Cargos Docentes: <\/strong>Incluye al Director\/a de un IS, un docente con desempe\u00f1o en el cargo, dos representantes docentes, y un representante estudiantil.<\/li>\n<\/ul>\n\n\n\n<h2 class=\"wp-block-heading\"> &nbsp;<\/h2>\n\n\n\n<h6 class=\"wp-block-heading has-text-align-center\">Cap\u00edtulo 4 &#8211; Difusi\u00f3n de la convocatoria e inscripci\u00f3n<\/h6>\n\n\n\n<h6 class=\"wp-block-heading\">-Una vez conformada la CE el equipo directivo contar\u00e1 con dos d\u00edas corridos para elevar a la SAD<\/h6>\n\n\n\n<h6 class=\"wp-block-heading\">Difusi\u00f3n<\/h6>\n\n\n\n<h6 class=\"wp-block-heading\">Plazo: La difusi\u00f3n de la convocatoria estar\u00e1 a cargo de la SAD y durante un lapso de cinco (5) d\u00edas corridos.<\/h6>\n\n\n\n<p>Durante ese lapso el IS brindar\u00e1 informaci\u00f3n acerca de los detalles de la convocatoria, formas para la atenci\u00f3n de consultas y acceso a documentos de inter\u00e9s para la o el aspirante -normativa, proyecto institucional, dise\u00f1os curriculares, entre otros- a trav\u00e9s de los canales de comunicaci\u00f3n institucional. Asimismo, deber\u00e1 cumplir con lo previsto en el Art. 9 de la Ley 10579, formalizando la invitaci\u00f3n a los gremios docentes reconocidos en la Provincia de Buenos Aires, con el fin de que \u00e9stos puedan comunicar a sus afiliados.<\/p>\n\n\n\n<h6 class=\"wp-block-heading\">Contenido de la Convocatoria:<\/h6>\n\n\n\n<ul>\n<li><strong>Cronograma <\/strong>detallado (fechas de difusi\u00f3n, de inscripci\u00f3n, recusaci\u00f3n\/excusaci\u00f3n de la CE, y fechas estimadas de entrega de propuesta pedag\u00f3gica, entrevista\/clase p\u00fablica).\n<ul>\n<li><strong>Conformaci\u00f3n de la CE <\/strong>(apellidos y nombres, titulares y suplentes).\n<ul>\n<li><strong>Formas de inscripci\u00f3n <\/strong>(el IS definir\u00e1 si es presencial o virtual. Se especificar\u00e1, seg\u00fan corresponda, lugar, horarios, formatos en que se entrega la documentaci\u00f3n, correo electr\u00f3nico de uso oficial para las pruebas de selecci\u00f3n.)<\/li>\n<\/ul>\n<\/li>\n<\/ul>\n<\/li>\n<\/ul>\n\n\n\n<h6 class=\"wp-block-heading\">\u25cf&nbsp;&nbsp;&nbsp; Objeto de la convocatoria<\/h6>\n\n\n\n<figure class=\"wp-block-table\"><table><tbody><tr><td><strong>Cobertura<\/strong><strong> <\/strong><strong>de<\/strong><strong><\/strong><\/td><td>Se debe detallar<\/td><\/tr><tr><td><strong>m\u00f3dulos<\/strong><strong> <\/strong><strong>\/<\/strong><strong> <\/strong><strong>horas<\/strong><strong> <\/strong><strong>c\u00e1tedra<\/strong><strong><\/strong><\/td><td>-Carga horaria, r\u00e9gimen, formato y modalidad de cursada (presencialidad plena, combinada o a distancia, seg\u00fan resoluci\u00f3n 4196\/24) e identificaci\u00f3n seg\u00fan nomenclador vigente. <strong>&nbsp;<\/strong> -Se aclarar\u00e1\/n la\/s carrera\/s (indicar n\u00famero de resoluci\u00f3n) para la\/s que se realiza la convocatoria indicando que los listados tendr\u00e1n validez para otras vacantes o suplencias que puedan surgir de otras carreras que desarrollen una unidad curricular con el mismo nombre, igual contenido y carga horaria equivalente.<\/td><\/tr><tr><td><strong>cargo<\/strong><strong> <\/strong><strong>docente<\/strong><strong><\/strong><\/td><td>-Cargo y carga horaria a cumplir, indicando que los listados tendr\u00e1n validez para otras vacantes o suplencias que puedan surgir<\/td><\/tr><\/tbody><\/table><\/figure>\n\n\n\n<h2 class=\"wp-block-heading\">&nbsp;<\/h2>\n\n\n\n<h6 class=\"wp-block-heading\">Asistencias T\u00e9cnicas: Se podr\u00e1 informar sobre la realizaci\u00f3n de Asistencias T\u00e9cnicas para aportar informaci\u00f3n relevante.<\/h6>\n\n\n\n<h6 class=\"wp-block-heading\">Toda modificaci\u00f3n a los t\u00e9rminos de la convocatoria deber\u00e1 ser notificada a las y los aspirantes por las autoridades del IS<\/h6>\n\n\n\n<p><strong><u>Inscripci\u00f3n<\/u><\/strong><\/p>\n\n\n\n<p><strong>&nbsp;&nbsp;&nbsp;&nbsp;&nbsp;&nbsp;&nbsp;&nbsp;&nbsp;&nbsp;&nbsp;&nbsp;&nbsp;&nbsp; Plazo: <\/strong>La inscripci\u00f3n se llevar\u00e1 a cabo durante <strong>seis (6) d\u00edas corridos <\/strong>a partir del primer d\u00eda de la difusi\u00f3n.<\/p>\n\n\n\n<h6 class=\"wp-block-heading\">Documentaci\u00f3n Requerida:<\/h6>\n\n\n\n<ul>\n<li><strong>Formulario<\/strong><strong> <\/strong><strong>1<\/strong><strong> <\/strong><strong>(Anexo<\/strong><strong> <\/strong><strong>9): <\/strong>Planilla de inscripci\u00f3n y Declaraci\u00f3n Jurada.\n<ul>\n<li>Constituir <strong>domicilio<\/strong><strong> <\/strong><strong>real<\/strong><strong> <\/strong><strong>y<\/strong><strong> <\/strong><strong>electr\u00f3nico<\/strong><strong> <\/strong>oficial para notificaciones.<\/li>\n<\/ul>\n<\/li>\n<\/ul>\n\n\n\n<h6 class=\"wp-block-heading\">      \u25cf Formulario 2 (Anexo 9).<\/h6>\n\n\n\n<ul>\n<li><strong>Certificaci\u00f3n <\/strong>del Servicio de Valoraci\u00f3n Docente (<strong>oblea<\/strong>) correspondiente al Listado 108 A &#8211; Superior y Superior Art\u00edstica vigente. En este caso se exime de presentar la documentaci\u00f3n respaldatoria para la valoraci\u00f3n del Art. L0.\n<ul>\n<li><strong>Probanzas<\/strong><strong> <\/strong>de t\u00edtulos y antecedentes espec\u00edficos.<\/li>\n<\/ul>\n<\/li>\n<\/ul>\n\n\n\n<h6 class=\"wp-block-heading\">Plazo de recusaciones o excusaciones de la CE, durante 3 d\u00edas h\u00e1biles despu\u00e9s de finalizada la inscripci\u00f3n. La CE deber\u00e1 elevarlas a la Direcci\u00f3n del IS a fin de que se nombre a un nuevo miembro de la Comisi\u00f3n Evaluadora. Se notificar\u00e1 a la Secretar\u00eda de Asuntos Docentes y a las y los aspirantes<\/h6>\n\n\n\n<h2 class=\"wp-block-heading\">&nbsp;<\/h2>\n\n\n\n<h6 class=\"wp-block-heading has-text-align-center\">Cap\u00edtulo 5 &#8211; Evaluaci\u00f3n de t\u00edtulos y antecedentes &#8211; determinaci\u00f3n de aspirantes que re\u00fanen requisitos para acceder a instancias de la prueba de selecci\u00f3n.<\/h6>\n\n\n\n<p><strong><u>Conformaci\u00f3n de Listados<\/u><\/strong><\/p>\n\n\n\n<p><strong>&nbsp; Plazo: dos d\u00edas h\u00e1biles <\/strong>posteriores al cierre de la inscripci\u00f3n, la CE elevar\u00e1 al TCD la n\u00f3mina de aspirantes no&nbsp;&nbsp;&nbsp;&nbsp;&nbsp; incorporados a los listados -108 A- Superior y Superior Art\u00edstica para la unidad curricular o cargo objeto de la convocatoria, junto con las probanzas respectivas.<\/p>\n\n\n\n<p><strong>Valoraci\u00f3n de antecedentes espec\u00edficos: <\/strong>La CE realizar\u00e1 la valoraci\u00f3n de antecedentes espec\u00edficos de acuerdo con las pautas que obran en el Anexo 2.<\/p>\n\n\n\n<p><strong>Plazo: <\/strong>hasta <strong>dos (2) d\u00edas h\u00e1biles <\/strong>posteriores a la devoluci\u00f3n del TCD. La CE conformar\u00e1 los Listados A y B con los puntajes resultantes (Art. 60 por TCD + Antecedentes Espec\u00edficos por CE) y notificar\u00e1 a los aspirantes el resultado de la evaluaci\u00f3n de t\u00edtulos y antecedentes (Listado A, B, excepci\u00f3n 5.2.1)<\/p>\n\n\n\n<ul>\n<li><strong><u>Conforman el Listado A<\/u>: <\/strong>\n<ul>\n<li>Aspirantes en condiciones seg\u00fan art\u00edculo 60 del Estatuto del Docente. El puntaje de esta instancia ser\u00e1 definido por la sumatoria de la asignaci\u00f3n por art\u00edculo 60 que otorga el TCD y la valoraci\u00f3n que otorga la CE seg\u00fan Anexo 2 de la presente resoluci\u00f3n. -Formulario 3.1 Anexo 9- Acceden a la siguiente instancia de las Pruebas de Selecci\u00f3n<\/li>\n<\/ul>\n<\/li>\n<\/ul>\n\n\n\n<h6 class=\"wp-block-heading has-text-align-left\">      \u25cf Conforman el Listado B:<\/h6>\n\n\n\n<ul>\n<li>Aspirantes que no se encuentran en condiciones seg\u00fan art\u00edculo 60 del Estatuto del Docente, pero cuentan con t\u00edtulo habilitante para el nivel superior en una <strong>disciplina af\u00edn dentro del mismo campo de conocimiento <\/strong>de la unidad curricular de la convocatoria. El puntaje ser\u00e1 definido <strong>solo <\/strong>por la asignaci\u00f3n por antecedentes que otorga la CE seg\u00fan Anexo 2 de la presente resoluci\u00f3n. Acceden a la siguiente instancia de las Pruebas de Selecci\u00f3n.\n<ul>\n<li>aspirantes con t\u00edtulo con validez nacional de T\u00e9cnica\/o Superior con el perfil acad\u00e9mico definido por el dise\u00f1o curricular, en complementaci\u00f3n con t\u00edtulo docente o Tramo de Formaci\u00f3n Pedag\u00f3gica, para la cobertura de UC de las tecnicaturas superiores, del eje t\u00e9cnico de los Profesorados para la Educaci\u00f3n Secundaria T\u00e9cnica y de los Profesorados de Educaci\u00f3n Art\u00edstica que refieran a la especificidad del lenguaje El puntaje ser\u00e1 definido solo por la valoraci\u00f3n de los antecedentes que otorga la CE seg\u00fan Anexo 2 de la presente resoluci\u00f3n. Acceden a la siguiente instancia de las Pruebas de Selecci\u00f3n.\n<ul>\n<li>Docentes jubiladas y Jubilados en condiciones seg\u00fan art\u00edculo 60 del Estatuto del Docente. El puntaje ser\u00e1 definido por la sumatoria de la asignaci\u00f3n por art\u00edculo 60 que otorga el Tribunal Descentralizado y la asignaci\u00f3n por antecedentes que otorga la CE seg\u00fan Anexo 2 de la presente resoluci\u00f3n. -Formulario 3.2 Anexo 9 &#8211; Acceden a la siguiente instancia de las Pruebas de Selecci\u00f3n.<\/li>\n<\/ul>\n<\/li>\n<\/ul>\n<\/li>\n<\/ul>\n\n\n\n<p><strong><u>Aspirantes que no re\u00fanen los requisitos:<\/u> <\/strong>La CE elaborar\u00e1 la n\u00f3mina de las y los aspirantes que <strong>no re\u00fanen los requisitos m\u00ednimo<\/strong><strong>s <\/strong>de t\u00edtulos y antecedentes para acceder a la instancia de oposici\u00f3n<\/p>\n\n\n\n<p><strong><u>Excepciones<\/u><\/strong>: La\/el docente jubilada\/o que se encuentra en listado B s\u00f3lo podr\u00e1 ser designada o designado en los m\u00f3dulos\/horas c\u00e1tedras de la unidad curricular o cargo vacante por su propia jubilaci\u00f3n cuando cumplidas las instancias para la designaci\u00f3n por parte de la SAD pautadas en el punto 1.2.1 no haya merituados, ning\u00fan merituado acepte el ofrecimiento o no est\u00e9 en condiciones de ser designada o designado<\/p>\n\n\n\n<p><strong><u>Recursos<\/u><\/strong>: La CE solicitar\u00e1 al equipo directivo del IS elevar al Tribunal de Clasificaci\u00f3n Descentralizado los recursos de revocatoria de la valoraci\u00f3n surgida por aplicaci\u00f3n del art. 60 y responder por s\u00ed misma los vinculados a los antecedentes espec\u00edficos.<\/p>\n\n\n\n<p class=\"has-text-align-center\"><strong><u>Cap\u00edtulo 6 &#8211; Desarrollo de las instancias Presentaci\u00f3n de la Propuesta pedag\u00f3gica\/Entrevista\/Clase p\u00fablica y determinaci\u00f3n del orden de m\u00e9rito.<\/u><\/strong><\/p>\n\n\n\n<p><strong><u>Presentaci\u00f3n de la Propuesta Pedag\u00f3gica<\/u><\/strong><\/p>\n\n\n\n<ul>\n<li><strong>Plazo de entrega: <\/strong>Dentro de los <strong>cinco (5) d\u00edas corridos <\/strong>subsiguientes a la notificaci\u00f3n del puntaje de antecedentes, los aspirantes presentar\u00e1n la Propuesta Pedag\u00f3gica (Anexos 3 a 8).<\/li>\n\n\n\n<li><strong>Evaluaci\u00f3n de las propuestas. <\/strong>La CE tiene un plazo m\u00e1ximo de <strong>diez (10) d\u00edas corridos <\/strong>(prorrogables a 5) para valorar las propuestas, de acuerdo con las condiciones exhibidas en la convocatoria y considerando los aspectos consignados en los Anexos 3 a 8, seg\u00fan corresponda.<\/li>\n\n\n\n<li><strong>Notificaci\u00f3n. <\/strong>Plazo: <strong>durante 2 (dos) d\u00edas h\u00e1biles <\/strong>posteriores a la finalizaci\u00f3n de la evaluaci\u00f3n, se notificar\u00e1 a las y los aspirantes el puntaje obtenido y una s\u00edntesis cualitativa de la evaluaci\u00f3n realizada, a trav\u00e9s del Instrumento de evaluaci\u00f3n dispuesto en los Anexos 3 a 8. Quienes <strong>no alcancen el puntaje m\u00ednimo <\/strong>no podr\u00e1n acceder a la siguiente etapa.<\/li>\n<\/ul>\n\n\n\n<h6 class=\"wp-block-heading\">Clase P\u00fablica y\/o Entrevista<\/h6>\n\n\n\n<ul>\n<li><strong>Clase P\u00fablica y\/o Entrevista: <\/strong>Dentro de los <strong>tres (3) d\u00edas h\u00e1biles <\/strong>posteriores a la notificaci\u00f3n del puntaje obtenido en la Propuesta Pedag\u00f3gica, se realiza la Clase P\u00fablica y\/o Entrevista. Estas instancias se desarrollan en modalidad <strong>presencial <\/strong>(solo por excepci\u00f3n, uno o dos miembros de la CE pueden participar de modo remoto).<\/li>\n\n\n\n<li><strong>Notificaci\u00f3n. <\/strong>En el mismo acto, se notificar\u00e1 a las y los aspirantes el puntaje obtenido y una s\u00edntesis cualitativa de la evaluaci\u00f3n realizada, a trav\u00e9s del Instrumento de evaluaci\u00f3n dispuestos en los Anexos 3 a 8. Quienes <strong>no alcancen el puntaje m\u00ednimo <\/strong>no conformar\u00e1n el orden de m\u00e9rito.<\/li>\n<\/ul>\n\n\n\n<p>Los postulantes no podr\u00e1n presenciar las clases p\u00fablicas o entrevistas de los dem\u00e1s participantes.<\/p>\n\n\n\n<h6 class=\"wp-block-heading\">Determinaci\u00f3n del orden de m\u00e9rito<\/h6>\n\n\n\n<p><strong>C\u00e1lculo<\/strong><strong> <\/strong><strong>del<\/strong><strong> <\/strong><strong>Puntaje<\/strong><strong> <\/strong><strong>Final:<\/strong><strong> <\/strong>El puntaje final se determina por la suma de:<\/p>\n\n\n\n<ul>\n<li>Puntajes de t\u00edtulos y antecedentes (TCD + CE).<\/li>\n\n\n\n<li>Puntaje de la Propuesta Pedag\u00f3gica.<\/li>\n\n\n\n<li>Puntaje de la Clase P\u00fablica (para m\u00f3dulos\/horas c\u00e1tedra).<\/li>\n\n\n\n<li>Puntaje de la Entrevista<\/li>\n<\/ul>\n\n\n\n<p><strong>Elaboraci\u00f3n de Listados Definitivos: <\/strong>La CE elabora los Listados A y B definitivos, incluyendo s\u00f3lo a quienes obtuvieron los m\u00ednimos establecidos en cada instancia. -Formularios 3.5, 3.6 o 3.7 Anexo 9)-<\/p>\n\n\n\n<p><strong>Paridad de Calificaci\u00f3n:<\/strong><strong> <\/strong>En caso de paridad, la prioridad se resuelve seg\u00fan el siguiente orden:<\/p>\n\n\n\n<ol type=\"1\">\n<li>Mayor calificaci\u00f3n en las pruebas de oposici\u00f3n.<\/li>\n\n\n\n<li>Mayor antig\u00fcedad en el nivel al que aspira a ingresar.<\/li>\n\n\n\n<li>Mayor antig\u00fcedad en la docencia de la Provincia de Buenos Aires.<\/li>\n<\/ol>\n\n\n\n<p>La CE labrar\u00e1 Acta de lo actuado, pudiendo designar un representante al efecto, como as\u00ed tambi\u00e9n delegar la funci\u00f3n del otorgamiento de vistas y notificaciones las que podr\u00e1n ser evacuadas de manera f\u00edsica o virtual. En dicha Acta deber\u00e1 constar la n\u00f3mina de postulantes contemplados en el \u00edtem 5.5. del Cap\u00edtulo 5 con el puntaje definitivo obtenido por la suma de todas las instancias.<\/p>\n\n\n\n<p class=\"has-text-align-center\"><strong><u>Cap\u00edtulo 7 &#8211; Listado de aspirantes por orden de m\u00e9rito<\/u><\/strong><\/p>\n\n\n\n<p>-Concluido el cometido de la Comisi\u00f3n Evaluadora, la Directora o el Director del IS, remitir\u00e1 a la Secretar\u00eda de Asuntos Docentes un ejemplar de los listados A y B con el orden de m\u00e9rito definitivo -Formularios 3.5 y 3.6-, y formularios 3.3 y 3.4 si correspondiera, en formato papel o digital, seg\u00fan defina la SAD, dejando constancia de la existencia o no de recursos pendientes. Otro ejemplar permanecer\u00e1 en los archivos de la Instituci\u00f3n.<\/p>\n\n\n\n<p>-La Secretar\u00eda de Asuntos Docentes designar\u00e1 en los m\u00f3dulos\/horas c\u00e1tedras o cargo docente, de acuerdo con lo dispuesto en el \u00edtem 1.2 del Cap\u00edtulo 1. Si correspondiere se asentar\u00e1 en la designaci\u00f3n la leyenda <em>\u201cad-referendum de la resoluci\u00f3n de recursos<\/em>\u201d. Cada docente tendr\u00e1 la posibilidad de cubrir hasta un cargo o su equivalente -8 m\u00f3dulos- en un primer ofrecimiento. En caso de exceder los 8 (ocho) m\u00f3dulos por la carga horaria que el dise\u00f1o establece para la unidad curricular, \u00e9sta se considera indivisible y ser\u00e1 una excepci\u00f3n a este l\u00edmite. Para el primer ofrecimiento se tendr\u00e1n en cuenta los listados institucionales y distritales. Agotados, se realiza el segundo ofrecimiento a las y los merituados de los listados institucionales.<\/p>\n\n\n\n<h6 class=\"wp-block-heading has-text-align-center\">Cap\u00edtulo 8 &#8211; De las y los docentes que acceden a los beneficios jubilatorios<\/h6>\n\n\n\n<p>Cuando el docente presentare renuncia para acogerse a los beneficios jubilatorios ser\u00e1 excluido de los listados pertinentes. Esta exclusi\u00f3n se hace extensiva a los listados A y B institucionales y distritales generados a partir de la presente resoluci\u00f3n.<\/p>\n\n\n\n<p>La o el docente jubilado podr\u00e1 participar de la Prueba de Selecci\u00f3n en el marco de la presente resoluci\u00f3n en cargos y\/o m\u00f3dulos\/horas c\u00e1tedras docentes que no est\u00e9n directamente relacionados con la renuncia para la jubilaci\u00f3n cuando la vacante a cubrir no se originara por la renuncia de la misma o el mismo docente para acogerse a los beneficios jubilatorios. En ese caso formar\u00e1 parte del listado B resultante. Como excepci\u00f3n podr\u00e1 considerarse lo establecido en el punto 5.L del Cap\u00edtulo 5 del presente anexo 1.<\/p>\n\n\n\n<p class=\"has-text-align-center\"><strong><u>Cap\u00edtulo<\/u><\/strong><strong><u> <\/u><\/strong><strong><u>9<\/u><\/strong><strong><u> <\/u><\/strong><strong><u>&#8211;<\/u><\/strong><strong><u> <\/u><\/strong><strong><u>Funciones<\/u><\/strong><strong><u> <\/u><\/strong><strong><u>de<\/u><\/strong><strong><u> <\/u><\/strong><strong><u>los<\/u><\/strong><strong><u> <\/u><\/strong><strong><u>Tribunales<\/u><\/strong><strong><u> <\/u><\/strong><strong><u>de<\/u><\/strong><strong><u> <\/u><\/strong><strong><u>Clasificaci\u00f3n<\/u><\/strong><strong><u> <\/u><\/strong><strong><u>Descentralizados<\/u><\/strong><\/p>\n\n\n\n<p>A los efectos de la selecci\u00f3n por t\u00edtulos, antecedentes y oposici\u00f3n, los Tribunales de Clasificaci\u00f3n Descentralizados realizar\u00e1n la evaluaci\u00f3n establecida en funci\u00f3n del Art\u00edculo 60<\/p>\n\n\n\n<p>El Tribunal de Clasificaci\u00f3n Descentralizado remitir\u00e1 al IS, <strong>dentro de los tres (3) d\u00edas h\u00e1biles siguientes <\/strong>a la recepci\u00f3n de la documentaci\u00f3n, los puntajes resultantes de la evaluaci\u00f3n realizada, a los efectos de la integraci\u00f3n de dichos puntajes a la valoraci\u00f3n de antecedentes espec\u00edficos realizada por la CE, y su notificaci\u00f3n a los aspirantes.<\/p>\n\n\n\n<p>El Tribunal de Clasificaci\u00f3n Descentralizado al evaluar los legajos, tendr\u00e1n en cuenta los siguientes aspectos:<\/p>\n\n\n\n<ul>\n<li><strong>Aspirantes<\/strong><strong> con t\u00edtulo\/s habilitante\/s<\/strong>: Aquellos\/as aspirantes con t\u00edtulo\/s habilitante\/s para los m\u00f3dulos\/horas c\u00e1tedra o cargo docente al que se postulan, deben ser evaluadas\/os por el Tribunal Descentralizado<\/li>\n\n\n\n<li><strong>Aspirantes<\/strong><strong> <\/strong><strong>con<\/strong><strong> <\/strong><strong>t\u00edtulo\/s<\/strong><strong> <\/strong><strong>habilitante\/s<\/strong><strong> <\/strong><strong>para<\/strong><strong> <\/strong><strong>el<\/strong><strong> <\/strong><strong>Nivel<\/strong><strong> <\/strong><strong>Superior<\/strong><strong> <\/strong><strong>pero<\/strong><strong> <\/strong><strong>NO<\/strong><strong> <\/strong><strong>habilitante\/s<\/strong><strong> <\/strong><strong>para<\/strong><strong> <\/strong><strong>el <\/strong><strong>espacio curricular<\/strong>: Para estas\/os aspirantes, <strong>NO <\/strong>se valorar\u00e1 el Art\u00edculo 60. No corresponde asignar puntaje en ning\u00fan \u00edtem por lo tanto se colocar\u00e1 una l\u00ednea o gui\u00f3n en lugar de un valor num\u00e9rico.<\/li>\n<\/ul>\n\n\n\n<ul>\n<li><strong>Aspirantes con t\u00edtulo\/s NO habilitante\/s para el Nivel Superior: <\/strong>En estos casos, NO se valorar\u00e1 el Art\u00edculo 60, NO deber\u00e1 consignarse puntaje en ning\u00fan \u00edtem del Art\u00edculo L0 de la Ley N\u00b0 10.57U y su reglamentaci\u00f3n. No corresponde asignar puntaje en ning\u00fan \u00edtem del Art\u00edculo 60.<\/li>\n<\/ul>\n\n\n\n<p>En la devoluci\u00f3n a la Comisi\u00f3n Evaluadora, se deber\u00e1 consignar la siguiente leyenda: \u00abLa\/el aspirante NO presenta t\u00edtulo habilitante para el Nivel Superior\u00bb<\/p>\n\n\n\n<ul>\n<li><strong>Elevaci\u00f3n de probanzas de t\u00edtulos y antecedentes para ser evaluados por el Tribunal Descentralizado de Clasificaci\u00f3n (Art. 60) de la o el aspirante: <\/strong>Se realizar\u00e1 lo pautado en el Cap\u00edtulo 1 del Anexo 2 de la presente resoluci\u00f3n.<\/li>\n<\/ul>\n\n\n\n<p><\/p>\n\n\n\n<h6 class=\"wp-block-heading has-text-align-center\">Cap\u00edtulo 10 &#8211; Notificaciones virtuales y documentaci\u00f3n digital. Grabaci\u00f3n.<\/h6>\n\n\n\n<p>Todas las notificaciones a la y el aspirante, a\u00fan aquellas no especificadas en la presente resoluci\u00f3n, podr\u00e1n realizarse por medios electr\u00f3nicos.<\/p>\n\n\n\n<p>Toda informaci\u00f3n que la CE env\u00ede a la y el aspirante mediante el correo electr\u00f3nico constituido al momento de su inscripci\u00f3n, ser\u00e1 considerada notificaci\u00f3n.<\/p>\n\n\n\n<p>La documentaci\u00f3n digital aportada reviste la misma validez que la documentaci\u00f3n en formato papel y ser\u00e1n de aplicaci\u00f3n las mismas normas referidas a falsificaci\u00f3n y\/o adulteraci\u00f3n de documentaci\u00f3n que se encuentran vigentes y pueden dar lugar a procesos disciplinarios.<\/p>\n\n\n\n<p>Las etapas de la instancia de oposici\u00f3n (entrevista\/clase p\u00fablica) ser\u00e1n grabadas \u00fanicamente por la Comisi\u00f3n Evaluadora.<\/p>\n\n\n\n<p><\/p>\n\n\n\n<h6 class=\"wp-block-heading has-text-align-center\">Cap\u00edtulo 11 &#8211; Coberturas de suplencias menores a cuatro meses<\/h6>\n\n\n\n<p>Producida la necesidad, en car\u00e1cter de suplente por tiempo menor al de cuatro meses, la Directora o el Director del IS deber\u00e1 solicitar la cobertura a trav\u00e9s de los listados A y B distritales vigentes a la Secretar\u00eda de Asuntos Docentes, resultado de las pruebas de selecci\u00f3n para la evaluaci\u00f3n de T\u00edtulos, antecedentes y oposici\u00f3n, en el marco de la aplicaci\u00f3n de la presente resoluci\u00f3n.<\/p>\n\n\n\n<p>De no haberse podido efectuar la cobertura, se recurrir\u00e1 a los listados A y B de merituados de distritos vecinos para la misma unidad curricular o cargo docente.<\/p>\n\n\n\n<p>En \u00faltima instancia, ser\u00e1 utilizado el listado emitido por la Direcci\u00f3n de Tribunales de Clasificaci\u00f3n -Listado 108 A- vigente para la misma unidad curricular.<\/p>\n\n\n\n<p><\/p>\n\n\n\n<h6 class=\"wp-block-heading has-text-align-center\">Cap\u00edtulo 12 \u2013 Recursos<\/h6>\n\n\n\n<h6 class=\"wp-block-heading\">&nbsp;Establecer las siguientes competencias para el tratamiento de los recursos:<\/h6>\n\n\n\n<p><em>De<\/em><em> <\/em><em>las<\/em><em> <\/em><em>recusaciones<\/em><em> <\/em><em>de<\/em><em> <\/em><em>los<\/em><em> <\/em><em>miembros<\/em><em> <\/em><em>del<\/em><em> <\/em><em>jurado<\/em>: se podr\u00e1n interponer hasta los tres (3) d\u00edas h\u00e1biles posteriores al cierre de la inscripci\u00f3n de aspirantes; resolver\u00e1 en revocatoria la Directora o Director del IS, ello en dos d\u00edas h\u00e1biles. En instancia jer\u00e1rquica intervendr\u00e1n la Direcci\u00f3n de Formaci\u00f3n Docente Inicial, la Direcci\u00f3n de Educaci\u00f3n Superior de Formaci\u00f3n T\u00e9cnica, o la Direcci\u00f3n de Educaci\u00f3n Art\u00edstica, seg\u00fan corresponda.<\/p>\n\n\n\n<p><em>De los<\/em><em> <\/em><em>puntajes<\/em><em> <\/em><em>otorgados<\/em><em> <\/em><em>por<\/em><em> <\/em><em>los<\/em><em> <\/em><em>Tribunales<\/em><em> <\/em><em>de<\/em><em> <\/em><em>Clasificaci\u00f3n<\/em><em> <\/em><em>Descentralizados:<\/em><em> <\/em>intervendr\u00e1 en instancia de revocatoria el mismo Organismo. En instancia Jer\u00e1rquica la Direcci\u00f3n de Tribunales de Clasificaci\u00f3n (Central).<\/p>\n\n\n\n<p><em>De lo actuado por la Comisi\u00f3n Evaluadora<\/em>: intervendr\u00e1 en instancia de revocatoria el mismo Organismo. En instancia Jer\u00e1rquica, la Direcci\u00f3n de nivel o modalidad correspondiente.<\/p>\n\n\n\n<p><em>De las acciones llevadas adelante por la Secretar\u00eda de Asuntos Docentes<\/em>: intervendr\u00e1 en instancia de revocatoria el mismo Organismo. En instancia Jer\u00e1rquica, la Direcci\u00f3n de Gesti\u00f3n de Asuntos Docentes. <strong>Los recursos previstos en la presente no tendr\u00e1n efectos suspensivos en raz\u00f3n de la naturaleza de los cargos a cubrir.<\/strong><\/p>\n\n\n\n<p><\/p>\n\n\n\n<h6 class=\"wp-block-heading has-text-align-center\">Cap\u00edtulo 13 &#8211; Cronograma de acciones<\/h6>\n\n\n\n<figure class=\"wp-block-table\"><table><tbody><tr><td><strong>Acci\u00f3n<\/strong><\/td><td><strong>Responsable<\/strong><\/td><td><strong>Plazo<\/strong><\/td><\/tr><tr><td>Conformaci\u00f3n de la CE<\/td><td>Equipo Directivo<\/td><td rowspan=\"2\"><strong>&nbsp;<\/strong> <strong>&nbsp;<\/strong> 5 d\u00edas corridos a partir de producida la vacante<\/td><\/tr><tr><td><strong>&nbsp;<\/strong> Informaci\u00f3n al CAI<\/td><td><strong>&nbsp;<\/strong> Equipo Directivo<\/td><\/tr><tr><td>Solicitud de difusi\u00f3n a la SAD<\/td><td><strong>&nbsp;<\/strong> Equipo Directivo<\/td><td rowspan=\"2\"><strong>&nbsp;<\/strong> <strong>&nbsp;<\/strong> <strong>&nbsp;<\/strong> 2 d\u00edas corridos conformada la CE<\/td><\/tr><tr><td>Informaci\u00f3n&nbsp;&nbsp;&nbsp;&nbsp; a&nbsp;&nbsp;&nbsp;&nbsp;&nbsp; los Sindicatos docentes<\/td><td><strong>&nbsp;<\/strong> Equipo Directivo<\/td><\/tr><tr><td>Difusi\u00f3n<\/td><td>SAD<\/td><td>5 d\u00edas corridos<\/td><\/tr><tr><td>Inscripci\u00f3n<\/td><td>Secretaria IS<\/td><td>L d\u00edas corridos a partir de la difusi\u00f3n<\/td><\/tr><tr><td>Recusaci\u00f3n y excusaci\u00f3n<\/td><td>Equipo Directivo<\/td><td>3 d\u00edas h\u00e1biles despu\u00e9s de finalizada la inscripci\u00f3n<\/td><\/tr><tr><td>Elevaci\u00f3n al TCD de los legajos sin oblea<\/td><td>CE &#8211; Secretar\u00eda IS<\/td><td>2 d\u00edas h\u00e1biles despu\u00e9s del cierre de la inscripci\u00f3n<\/td><\/tr><tr><td>Valoraci\u00f3n Art. L0<\/td><td>Tribunal descentralizado<\/td><td>3 d\u00edas h\u00e1biles despu\u00e9s de recibirlos<\/td><\/tr><tr><td>Notificaci\u00f3n del Listado A o B o de que no re\u00fane los requisitos<\/td><td><strong>&nbsp;<\/strong> Secretaria IS<\/td><td>2&nbsp;&nbsp; d\u00edas&nbsp;&nbsp; h\u00e1biles&nbsp;&nbsp; posteriores&nbsp;&nbsp; a&nbsp;&nbsp; la devoluci\u00f3n de Tribunal<\/td><\/tr><tr><td>Entrega propuesta<\/td><td>Aspirantes<\/td><td>5&nbsp;&nbsp;&nbsp;&nbsp; d\u00edas&nbsp;&nbsp;&nbsp; corridos&nbsp;&nbsp;&nbsp; posteriores&nbsp;&nbsp;&nbsp; a notificaci\u00f3n<\/td><\/tr><tr><td>Tratamiento propuestas pedag\u00f3gicas\/de trabajo<\/td><td>CE<\/td><td>10 d\u00edas corridos posteriores a entrega prorrogables a 5 d\u00edas m\u00e1s<\/td><\/tr><tr><td>Notificaci\u00f3n&nbsp; &nbsp;&nbsp;&nbsp;&nbsp;&nbsp;&nbsp;&nbsp;&nbsp;&nbsp;&nbsp;&nbsp;&nbsp;&nbsp;&nbsp;&nbsp;&nbsp;&nbsp; aspirantes puntaje&nbsp;&nbsp;&nbsp;&nbsp;&nbsp;&nbsp;&nbsp;&nbsp;&nbsp;&nbsp;&nbsp;&nbsp;&nbsp;&nbsp;&nbsp;&nbsp;&nbsp; propuestas pedag\u00f3gicas\/de trabajo. En caso de las UC se notificar\u00e1 los temas de la clase p\u00fablica<\/td><td><strong>&nbsp;<\/strong> <strong>&nbsp;<\/strong> <strong>&nbsp;<\/strong> Secretaria IS<\/td><td><strong>&nbsp;<\/strong> <strong>&nbsp;<\/strong> 2 d\u00edas h\u00e1biles despu\u00e9s de la finalizaci\u00f3n de la correcci\u00f3n de Propuesta Pedag\u00f3gica<\/td><\/tr><tr><td>Clase&nbsp;&nbsp;&nbsp;&nbsp;&nbsp;&nbsp; p\u00fablica&nbsp;&nbsp;&nbsp;&nbsp;&nbsp;&nbsp; y entrevista\/ entrevista<\/td><td>CE\/aspirantes<\/td><td>3 d\u00edas h\u00e1biles despu\u00e9s de notificaci\u00f3n<\/td><\/tr><\/tbody><\/table><\/figure>\n","protected":false},"excerpt":{"rendered":"<p>Deroga Resol 5886\/03, Resol 1161, DISPO-2023-50-GDBA ARTICULO 2\u00ba-Establecer que en los Institutos de Formaci\u00f3n Docente (ISFD), Institutos de Formaci\u00f3n Docente y T\u00e9cnica (ISFDyT), Institutos de Formaci\u00f3n T\u00e9cnica (ISFT) e institutos superiores de formaci\u00f3n art\u00edstica Docente y T\u00e9cnica de gesti\u00f3n estatal de la Provincia de Buenos Aires, la totalidad de los m\u00f3dulos u horas c\u00e1tedra, cargos &#8230; <a title=\"CONCURSOS DOCENTES RESOLUCI\u00d3N 6179\/25\" class=\"read-more\" href=\"https:\/\/isfd1-bue.infd.edu.ar\/sitio\/concursos-docentes-resolucion-6179-25\/\" aria-label=\"More on CONCURSOS DOCENTES RESOLUCI\u00d3N 6179\/25\">[+]<\/a><\/p>\n","protected":false},"author":1584,"featured_media":0,"parent":0,"menu_order":0,"comment_status":"closed","ping_status":"closed","template":"","meta":[],"acf":[],"_links":{"self":[{"href":"https:\/\/isfd1-bue.infd.edu.ar\/sitio\/wp-json\/wp\/v2\/pages\/6743"}],"collection":[{"href":"https:\/\/isfd1-bue.infd.edu.ar\/sitio\/wp-json\/wp\/v2\/pages"}],"about":[{"href":"https:\/\/isfd1-bue.infd.edu.ar\/sitio\/wp-json\/wp\/v2\/types\/page"}],"author":[{"embeddable":true,"href":"https:\/\/isfd1-bue.infd.edu.ar\/sitio\/wp-json\/wp\/v2\/users\/1584"}],"replies":[{"embeddable":true,"href":"https:\/\/isfd1-bue.infd.edu.ar\/sitio\/wp-json\/wp\/v2\/comments?post=6743"}],"version-history":[{"count":2,"href":"https:\/\/isfd1-bue.infd.edu.ar\/sitio\/wp-json\/wp\/v2\/pages\/6743\/revisions"}],"predecessor-version":[{"id":6749,"href":"https:\/\/isfd1-bue.infd.edu.ar\/sitio\/wp-json\/wp\/v2\/pages\/6743\/revisions\/6749"}],"wp:attachment":[{"href":"https:\/\/isfd1-bue.infd.edu.ar\/sitio\/wp-json\/wp\/v2\/media?parent=6743"}],"curies":[{"name":"wp","href":"https:\/\/api.w.org\/{rel}","templated":true}]}}